{"id":91,"date":"2022-06-26T19:18:50","date_gmt":"2022-06-26T17:18:50","guid":{"rendered":"http:\/\/formaconcepts.fr\/?page_id=91"},"modified":"2023-09-27T14:42:41","modified_gmt":"2023-09-27T12:42:41","slug":"reseau-handicap","status":"publish","type":"page","link":"https:\/\/formaconcepts.fr\/index.php\/reseau-handicap\/","title":{"rendered":"R\u00e9seau handicap"},"content":{"rendered":"\n<p>Nous mettons tout en oeuvre pour favoriser l\u2019<strong>accessibilit\u00e9<\/strong>&nbsp;des&nbsp;<strong>formations<\/strong>&nbsp;que nous proposons aux personnes en situation de&nbsp;<strong>handicap<\/strong>.<\/p>\n\n\n\n<h2 class=\"wp-block-heading has-large-font-size\">ACCESSIBILITE<\/h2>\n\n\n\n<div class=\"wp-block-columns is-layout-flex wp-container-core-columns-is-layout-c6809a2b wp-block-columns-is-layout-flex\" style=\"border-top-left-radius:100px;border-top-right-radius:100px;border-bottom-left-radius:10000px;border-bottom-right-radius:100px\">\n<div class=\"wp-block-column has-ast-global-color-6-background-color has-background is-layout-flow wp-block-column-is-layout-flow\">\n<h3 class=\"wp-block-heading\">\u27a4 Pour les formations en pr\u00e9sentiel dans vos locaux<\/h3>\n\n\n\n<p>Les conditions d\u2019accueil et d\u2019acc\u00e8s \u00e0 nos formations en pr\u00e9sentiel chez nos clients sont facilit\u00e9es pour les publics en situation de handicap permettant une certaine motricit\u00e9\u0301.<\/p>\n\n\n\n<p>Pour les autres formes de handicap, une \u00e9tude personnalis\u00e9e est r\u00e9alis\u00e9e afin de permettre le meilleur accueil possible du participant \u00e0 la formation (<em>adaptation des locaux, ainsi que des moyens et m\u00e9thodes p\u00e9dagogiques mis en \u0153uvre<\/em>).<\/p>\n<\/div>\n\n\n\n<div class=\"wp-block-column has-ast-global-color-6-background-color has-background is-layout-flow wp-block-column-is-layout-flow\">\n<h3 class=\"wp-block-heading\">\u27a4 Pour les formations en pr\u00e9sentiel dans nos locaux<\/h3>\n\n\n\n<p>Nos locaux sont accessibles aux personnes \u00e0 mobilit\u00e9 r\u00e9duite.<\/p>\n\n\n\n<p>Pour les autres formes de handicap, une \u00e9tude personnalis\u00e9e est r\u00e9alis\u00e9e afin de permettre le meilleur accueil possible du participant \u00e0 la formation (<em>adaptation des locaux, ainsi que des moyens et m\u00e9thodes p\u00e9dagogiques mis en \u0153uvre<\/em>, <em>au cas par cas<\/em>).<\/p>\n<\/div>\n\n\n\n<div class=\"wp-block-column has-ast-global-color-6-background-color has-background is-layout-flow wp-block-column-is-layout-flow\">\n<h3 class=\"wp-block-heading\">\u27a4 Pour les formations r\u00e9alis\u00e9es en distanciel<\/h3>\n\n\n\n<p>La formation \u00e0 distance, en visio-conf\u00e9rence ou en e-learning, facilite l\u2019acc\u00e8s de nos formations aux handicap\u00e9s moteurs. Pour les autres formes de handicap une \u00e9tude personnalis\u00e9e est r\u00e9alis\u00e9e afin de permettre le meilleur accueil possible du participant \u00e0 la formation.<\/p>\n\n\n\n<p>Pour toute demande d\u2019am\u00e9nagement de votre parcours, vous pouvez nous contacter \u00e0 : contact@formaconcepts.fr.<\/p>\n<\/div>\n<\/div>\n\n\n\n<h2 class=\"wp-block-heading\">R\u00c9SEAU D\u2019ACTEURS DU CHAMP DU HANDICAP MOBILISABLE<\/h2>\n\n\n\n<div class=\"wp-block-columns is-layout-flex wp-container-core-columns-is-layout-28f84493 wp-block-columns-is-layout-flex\">\n<div class=\"wp-block-column has-ast-global-color-6-background-color has-background is-layout-flow wp-block-column-is-layout-flow\">\n<h3 class=\"wp-block-heading\">\u27a4 Pour les salari\u00e9s du secteur priv\u00e9<\/h3>\n\n\n\n<p><strong>National :<\/strong><\/p>\n\n\n\n<ul class=\"wp-block-list\">\n<li>AGEFIPH :\u00a0<a href=\"http:\/\/www.agefiph.fr\/\">http:\/\/www.agefiph.fr\/<\/a><\/li>\n<\/ul>\n\n\n\n<p><strong>Dans le Val d&rsquo;Oise :<\/strong><\/p>\n\n\n\n<ul class=\"wp-block-list\">\n<li><strong>Cap emploi \u2013 Ile de France<\/strong> :<\/li>\n<\/ul>\n\n\n\n<p>UNIRH 95<\/p>\n\n\n\n<p>Lieu\u00a0: 21 avenue des Genottes \u2013 CS 58384 \u2013 95805 Cergy-Pontoise<\/p>\n\n\n\n<p>Tel.&nbsp;: 09 72 75 12 13<\/p>\n\n\n\n<ul class=\"wp-block-list\">\n<li><strong>Agefiph \u2013 D\u00e9l\u00e9gation r\u00e9gionale Ile de France<\/strong><\/li>\n<\/ul>\n\n\n\n<p>Lieu\u00a0: 24\/28 Villa Baudran 21\/37 rue de Stalingrad \u2013 Immeuble le Baudran \u2013 94110 Arcueil<\/p>\n\n\n\n<p>Tel : 0 800 111 009 (service et appel gratuit)<\/p>\n<\/div>\n\n\n\n<div class=\"wp-block-column has-ast-global-color-6-background-color has-background is-layout-flow wp-block-column-is-layout-flow\">\n<h3 class=\"wp-block-heading\">\u27a4 Pour les salari\u00e9s du secteur public<\/h3>\n\n\n\n<p><strong>Nationa<\/strong>l :<\/p>\n\n\n\n<ul class=\"wp-block-list\">\n<li>FIPHFPE : en suivant\u00a0<a href=\"http:\/\/www.fiphfp.fr\/Le-FIPHFP\/Domaines-d-intervention\/Formation\">ce lien<\/a><\/li>\n<\/ul>\n\n\n\n<p>Formulaire de contact vous permettant de permet de contacter le\u00a0FIPHFP,\u00a0<a href=\"http:\/\/www.fiphfp.fr\/Contact\">disponible en suivant ce lien<\/a><\/p>\n<\/div>\n<\/div>\n\n\n\n<p><a rel=\"noreferrer noopener\" href=\"http:\/\/formaconcepts.fr\/index.php\/nous-contacter\/\" target=\"_blank\">Contactez nous<\/a>\u00a0pour toutes question, nous mettrons tout en oeuvre pour favoriser l\u2019accessibilit\u00e9 \u00e0 nos formations en tenant compte de votre situation de handicap.<\/p>\n","protected":false},"excerpt":{"rendered":"<p>Nous mettons tout en oeuvre pour favoriser l\u2019accessibilit\u00e9&nbsp;des&nbsp;formations&nbsp;que nous proposons aux personnes en situation de&nbsp;handicap. ACCESSIBILITE \u27a4 Pour les formations en pr\u00e9sentiel dans vos locaux Les conditions d\u2019accueil et d\u2019acc\u00e8s \u00e0 nos formations en pr\u00e9sentiel chez nos clients sont facilit\u00e9es pour les publics en situation de handicap permettant une certaine motricit\u00e9\u0301. Pour les autres formes &hellip;<\/p>\n<p class=\"read-more\"> <a class=\"\" href=\"https:\/\/formaconcepts.fr\/index.php\/reseau-handicap\/\"> <span class=\"screen-reader-text\">R\u00e9seau handicap<\/span> Lire la suite\u00a0\u00bb<\/a><\/p>\n","protected":false},"author":1,"featured_media":0,"parent":0,"menu_order":0,"comment_status":"closed","ping_status":"closed","template":"","meta":{"site-sidebar-layout":"default","site-content-layout":"default","ast-global-header-display":"","ast-main-header-display":"","ast-hfb-above-header-display":"","ast-hfb-below-header-display":"","ast-hfb-mobile-header-display":"","site-post-title":"","ast-breadcrumbs-content":"","ast-featured-img":"","footer-sml-layout":"","theme-transparent-header-meta":"","adv-header-id-meta":"","stick-header-meta":"","header-above-stick-meta":"","header-main-stick-meta":"","header-below-stick-meta":"","footnotes":""},"class_list":["post-91","page","type-page","status-publish","hentry"],"_links":{"self":[{"href":"https:\/\/formaconcepts.fr\/index.php\/wp-json\/wp\/v2\/pages\/91","targetHints":{"allow":["GET"]}}],"collection":[{"href":"https:\/\/formaconcepts.fr\/index.php\/wp-json\/wp\/v2\/pages"}],"about":[{"href":"https:\/\/formaconcepts.fr\/index.php\/wp-json\/wp\/v2\/types\/page"}],"author":[{"embeddable":true,"href":"https:\/\/formaconcepts.fr\/index.php\/wp-json\/wp\/v2\/users\/1"}],"replies":[{"embeddable":true,"href":"https:\/\/formaconcepts.fr\/index.php\/wp-json\/wp\/v2\/comments?post=91"}],"version-history":[{"count":5,"href":"https:\/\/formaconcepts.fr\/index.php\/wp-json\/wp\/v2\/pages\/91\/revisions"}],"predecessor-version":[{"id":143,"href":"https:\/\/formaconcepts.fr\/index.php\/wp-json\/wp\/v2\/pages\/91\/revisions\/143"}],"wp:attachment":[{"href":"https:\/\/formaconcepts.fr\/index.php\/wp-json\/wp\/v2\/media?parent=91"}],"curies":[{"name":"wp","href":"https:\/\/api.w.org\/{rel}","templated":true}]}}